{"id":920,"date":"2018-09-11T19:28:43","date_gmt":"2018-09-12T01:28:43","guid":{"rendered":"https:\/\/todovalle.com\/bienes-raices-en-valle-de-bravo\/?page_id=920"},"modified":"2023-05-19T00:15:37","modified_gmt":"2023-05-19T06:15:37","slug":"renta-por-fin-de-semana-y-temporada","status":"publish","type":"page","link":"https:\/\/todovalle.com\/bienes-raices-en-valle-de-bravo\/renta-por-fin-de-semana-y-temporada\/","title":{"rendered":"Renta por fin de semana y temporada en Valle de Bravo"},"content":{"rendered":"\r\n<div class=\"acadp acadp-listings acadp-grid-view\">\r\n\t\t\t<!-- header here -->\r\n        <p>Encuentra aqu\u00ed en Valle de Bravo las casas en renta de fin de semana con alberca.<br \/>\r\nRenta de Casas, Caba\u00f1as y departamentos por fin de semana o temporada en Valle de Bravo, Av\u00e1ndaro y sus alrededores<\/p>        \r\n                    <div class=\"row acadp-no-margin\">\r\n                <form action=\"https:\/\/todovalle.com\/bienes-raices-en-valle-de-bravo\/renta-por-fin-de-semana-y-temporada\/\" method=\"POST\" class=\"form-inline\">\r\n                    <div class=\"btn-toolbar\" role=\"toolbar\">\r\n                                        \r\n                                                    <!-- Orderby dropdown -->\r\n                            <div class=\"btn-group pull-right acadp-xs-clear-float\" role=\"group\">\r\n                                <div class=\"form-group\">\r\n                                    <select name=\"sort\" class=\"form-control\" onchange=\"this.form.action=this.value; this.form.submit();\">\r\n                                        <option value=\"\/bienes-raices-en-valle-de-bravo\/wp-json\/wp\/v2\/pages\/920?sort=date-desc\">-- Ordenar por --<\/option><option value=\"\/bienes-raices-en-valle-de-bravo\/wp-json\/wp\/v2\/pages\/920?sort=title-asc\" >A to Z (title)<\/option><option value=\"\/bienes-raices-en-valle-de-bravo\/wp-json\/wp\/v2\/pages\/920?sort=title-desc\" >Z to A (title)<\/option><option value=\"\/bienes-raices-en-valle-de-bravo\/wp-json\/wp\/v2\/pages\/920?sort=date-desc\"  selected='selected'>Recently added (latest)<\/option><option value=\"\/bienes-raices-en-valle-de-bravo\/wp-json\/wp\/v2\/pages\/920?sort=date-asc\" >Date added (oldest)<\/option><option value=\"\/bienes-raices-en-valle-de-bravo\/wp-json\/wp\/v2\/pages\/920?sort=views-desc\" >M\u00e1s vistos<\/option><option value=\"\/bienes-raices-en-valle-de-bravo\/wp-json\/wp\/v2\/pages\/920?sort=views-asc\" >Menos visto<\/option><option value=\"\/bienes-raices-en-valle-de-bravo\/wp-json\/wp\/v2\/pages\/920?sort=price-asc\" >Price (low to high)<\/option><option value=\"\/bienes-raices-en-valle-de-bravo\/wp-json\/wp\/v2\/pages\/920?sort=price-desc\" >Price (high to low)<\/option>                                    <\/select>\r\n                                <\/div>\r\n                            <\/div>\r\n                                                \r\n                                           \r\n                    <\/div>\r\n                <\/form>\r\n            <\/div>\r\n                \r\n\t<div class=\"acadp-divider\"><\/div>\r\n    \r\n\t<!-- the loop -->\r\n    <div class=\"acadp-body\">\r\n\t\t    \r\n                            <div class=\"row\">\r\n                        \r\n                <div class=\"col-md-4\">\r\n                    <div class=\"thumbnail acadp-entry acadp-entry-featured\">\r\n                                                    <a href=\"https:\/\/todovalle.com\/bienes-raices-en-valle-de-bravo\/acadp_listings\/renta-por-temporada\/\" class=\"acadp-responsive-container\"><img decoding=\"async\" src=\"https:\/\/todovalle.com\/bienes-raices-en-valle-de-bravo\/wp-content\/uploads\/2024\/03\/Casa-en-renta-en-Valle-de-Bravo14-300x142.png?v=1710869839\" alt=\"\" \/><\/a>      \t\r\n                                        \r\n                        <div class=\"caption\">\r\n                            <div class=\"acadp-listings-title-block\">\r\n                                <h3 class=\"acadp-no-margin\"><a href=\"https:\/\/todovalle.com\/bienes-raices-en-valle-de-bravo\/acadp_listings\/renta-por-temporada\/\">Renta por temporada<\/a><\/h3>\r\n                            <\/div>\r\n                            \r\n                            <p class=\"acadp-no-margin\"><small class=\"text-muted\"><\/small><\/p><p class=\"acadp-no-margin\"><small><span class=\"glyphicon glyphicon-briefcase\"><\/span>&nbsp;<a href=\"https:\/\/todovalle.com\/bienes-raices-en-valle-de-bravo\/categoria-2\/renta-por-fin-de-semana-y-temporadas\/\">Renta por fin de semana y temporadas en Valle de Bravo<\/a> \/ <span class=\"glyphicon glyphicon-map-marker\"><\/span>&nbsp;<a href=\"https:\/\/todovalle.com\/bienes-raices-en-valle-de-bravo\/ubicacion\/valle-de-bravo\/\">Pueblo, Valle de Bravo<\/a> \/ <span class=\"label label-success\">Popular<\/span>&nbsp;<span class=\"label label-warning\">Destacado<\/span><\/small><\/p><p class=\"lead acadp-listings-price\">MXP 12,000.00<\/p>                            \r\n                                                    <\/div>\r\n                    <\/div>\r\n                <\/div>\r\n                \r\n                               \r\n            \r\n                        \r\n                <div class=\"col-md-4\">\r\n                    <div class=\"thumbnail acadp-entry acadp-entry-featured\">\r\n                                                    <a href=\"https:\/\/todovalle.com\/bienes-raices-en-valle-de-bravo\/acadp_listings\/espectacular-renta-por-fines-de-semana-2\/\" class=\"acadp-responsive-container\"><img decoding=\"async\" src=\"https:\/\/todovalle.com\/bienes-raices-en-valle-de-bravo\/wp-content\/uploads\/2021\/04\/WhatsApp-Image-2021-04-30-at-2.20.53-PM-2-300x200.jpeg\" alt=\"\" \/><\/a>      \t\r\n                                        \r\n                        <div class=\"caption\">\r\n                            <div class=\"acadp-listings-title-block\">\r\n                                <h3 class=\"acadp-no-margin\"><a href=\"https:\/\/todovalle.com\/bienes-raices-en-valle-de-bravo\/acadp_listings\/espectacular-renta-por-fines-de-semana-2\/\">Espectacular renta por fines de semana<\/a><\/h3>\r\n                            <\/div>\r\n                            \r\n                            <p class=\"acadp-no-margin\"><small class=\"text-muted\"><\/small><\/p><p class=\"acadp-no-margin\"><small><span class=\"glyphicon glyphicon-briefcase\"><\/span>&nbsp;<a href=\"https:\/\/todovalle.com\/bienes-raices-en-valle-de-bravo\/categoria-2\/renta-por-fin-de-semana-y-temporadas\/\">Renta por fin de semana y temporadas en Valle de Bravo<\/a> \/ <span class=\"glyphicon glyphicon-map-marker\"><\/span>&nbsp;<a href=\"https:\/\/todovalle.com\/bienes-raices-en-valle-de-bravo\/ubicacion\/avandaro\/\">Av\u00e1ndaro<\/a> \/ <span class=\"label label-success\">Popular<\/span>&nbsp;<span class=\"label label-warning\">Destacado<\/span><\/small><\/p><p class=\"lead acadp-listings-price\">MXP 18,500.00<\/p>                            \r\n                                                    <\/div>\r\n                    <\/div>\r\n                <\/div>\r\n                \r\n                               \r\n            \r\n                        \r\n                <div class=\"col-md-4\">\r\n                    <div class=\"thumbnail acadp-entry acadp-entry-featured\">\r\n                                                    <a href=\"https:\/\/todovalle.com\/bienes-raices-en-valle-de-bravo\/acadp_listings\/renta-por-fin-de-semana-flor-de-loto\/\" class=\"acadp-responsive-container\"><img decoding=\"async\" src=\"https:\/\/todovalle.com\/bienes-raices-en-valle-de-bravo\/wp-content\/uploads\/2018\/08\/renta-por-fin-de-semana-y-temporada_1-300x225.jpg\" alt=\"\" \/><\/a>      \t\r\n                                        \r\n                        <div class=\"caption\">\r\n                            <div class=\"acadp-listings-title-block\">\r\n                                <h3 class=\"acadp-no-margin\"><a href=\"https:\/\/todovalle.com\/bienes-raices-en-valle-de-bravo\/acadp_listings\/renta-por-fin-de-semana-flor-de-loto\/\">Renta por fin de semana Flor de Loto<\/a><\/h3>\r\n                            <\/div>\r\n                            \r\n                            <p class=\"acadp-no-margin\"><small class=\"text-muted\"><\/small><\/p><p class=\"acadp-no-margin\"><small><span class=\"glyphicon glyphicon-briefcase\"><\/span>&nbsp;<a href=\"https:\/\/todovalle.com\/bienes-raices-en-valle-de-bravo\/categoria-2\/renta-por-fin-de-semana-y-temporadas\/\">Renta por fin de semana y temporadas en Valle de Bravo<\/a> \/ <span class=\"glyphicon glyphicon-map-marker\"><\/span>&nbsp;<a href=\"https:\/\/todovalle.com\/bienes-raices-en-valle-de-bravo\/ubicacion\/valle-de-bravo\/\">Pueblo, Valle de Bravo<\/a> \/ <span class=\"label label-success\">Popular<\/span>&nbsp;<span class=\"label label-warning\">Destacado<\/span><\/small><\/p><p class=\"lead acadp-listings-price\">MXP 15,000.00<\/p>                            \r\n                                                    <\/div>\r\n                    <\/div>\r\n                <\/div>\r\n                \r\n                            <\/div>\r\n                               \r\n            \r\n                            <div class=\"row\">\r\n                        \r\n                <div class=\"col-md-4\">\r\n                    <div class=\"thumbnail acadp-entry\">\r\n                                                    <a href=\"https:\/\/todovalle.com\/bienes-raices-en-valle-de-bravo\/acadp_listings\/habitacion-en-renta-por-noche\/\" class=\"acadp-responsive-container\"><img decoding=\"async\" src=\"https:\/\/todovalle.com\/bienes-raices-en-valle-de-bravo\/wp-content\/uploads\/2023\/06\/WhatsApp-Image-2023-06-01-at-09.22.03-300x300.jpeg?v=1685639186\" alt=\"\" \/><\/a>      \t\r\n                                        \r\n                        <div class=\"caption\">\r\n                            <div class=\"acadp-listings-title-block\">\r\n                                <h3 class=\"acadp-no-margin\"><a href=\"https:\/\/todovalle.com\/bienes-raices-en-valle-de-bravo\/acadp_listings\/habitacion-en-renta-por-noche\/\">Habitaci\u00f3n en renta por noche<\/a><\/h3>\r\n                            <\/div>\r\n                            \r\n                            <p class=\"acadp-no-margin\"><small class=\"text-muted\"><\/small><\/p><p class=\"acadp-no-margin\"><small><span class=\"glyphicon glyphicon-briefcase\"><\/span>&nbsp;<a href=\"https:\/\/todovalle.com\/bienes-raices-en-valle-de-bravo\/categoria-2\/renta-por-fin-de-semana-y-temporadas\/\">Renta por fin de semana y temporadas en Valle de Bravo<\/a> \/ <span class=\"label label-success\">Popular<\/span><\/small><\/p><p class=\"lead acadp-listings-price\">MXP 2,500.00<\/p>                            \r\n                                                    <\/div>\r\n                    <\/div>\r\n                <\/div>\r\n                \r\n                               \r\n            \r\n                        \r\n                <div class=\"col-md-4\">\r\n                    <div class=\"thumbnail acadp-entry\">\r\n                                                    <a href=\"https:\/\/todovalle.com\/bienes-raices-en-valle-de-bravo\/acadp_listings\/4299\/\" class=\"acadp-responsive-container\"><img decoding=\"async\" src=\"https:\/\/todovalle.com\/bienes-raices-en-valle-de-bravo\/wp-content\/uploads\/2021\/12\/casa-en-venta-en-valle-de-bravo09-300x225.jpg\" alt=\"\" \/><\/a>      \t\r\n                                        \r\n                        <div class=\"caption\">\r\n                            <div class=\"acadp-listings-title-block\">\r\n                                <h3 class=\"acadp-no-margin\"><a href=\"https:\/\/todovalle.com\/bienes-raices-en-valle-de-bravo\/acadp_listings\/4299\/\">Disponible en renta por temporada<\/a><\/h3>\r\n                            <\/div>\r\n                            \r\n                            <p class=\"acadp-no-margin\"><small class=\"text-muted\"><\/small><\/p><p class=\"acadp-no-margin\"><small><span class=\"glyphicon glyphicon-briefcase\"><\/span>&nbsp;<a href=\"https:\/\/todovalle.com\/bienes-raices-en-valle-de-bravo\/categoria-2\/renta-por-fin-de-semana-y-temporadas\/\">Renta por fin de semana y temporadas en Valle de Bravo<\/a> \/ <span class=\"glyphicon glyphicon-map-marker\"><\/span>&nbsp;<a href=\"https:\/\/todovalle.com\/bienes-raices-en-valle-de-bravo\/ubicacion\/avandaro\/\">Av\u00e1ndaro<\/a> \/ <span class=\"label label-success\">Popular<\/span><\/small><\/p><p class=\"lead acadp-listings-price\">MXP 10,000.00<\/p>                            \r\n                                                    <\/div>\r\n                    <\/div>\r\n                <\/div>\r\n                \r\n                               \r\n            \r\n                        \r\n                <div class=\"col-md-4\">\r\n                    <div class=\"thumbnail acadp-entry\">\r\n                                                    <a href=\"https:\/\/todovalle.com\/bienes-raices-en-valle-de-bravo\/acadp_listings\/casa-renta-por-fin-de-semana-vista-al-lago\/\" class=\"acadp-responsive-container\"><img decoding=\"async\" src=\"https:\/\/todovalle.com\/bienes-raices-en-valle-de-bravo\/wp-content\/uploads\/2020\/01\/WhatsApp-Image-2020-01-20-at-4.44.25-PM-3-300x225.jpeg?v=1649963392\" alt=\"\" \/><\/a>      \t\r\n                                        \r\n                        <div class=\"caption\">\r\n                            <div class=\"acadp-listings-title-block\">\r\n                                <h3 class=\"acadp-no-margin\"><a href=\"https:\/\/todovalle.com\/bienes-raices-en-valle-de-bravo\/acadp_listings\/casa-renta-por-fin-de-semana-vista-al-lago\/\">Casa renta por fin de semana Vista al Lago<\/a><\/h3>\r\n                            <\/div>\r\n                            \r\n                            <p class=\"acadp-no-margin\"><small class=\"text-muted\"><\/small><\/p><p class=\"acadp-no-margin\"><small><span class=\"glyphicon glyphicon-briefcase\"><\/span>&nbsp;<a href=\"https:\/\/todovalle.com\/bienes-raices-en-valle-de-bravo\/categoria-2\/renta-por-fin-de-semana-y-temporadas\/\">Renta por fin de semana y temporadas en Valle de Bravo<\/a> \/ <span class=\"glyphicon glyphicon-map-marker\"><\/span>&nbsp;<a href=\"https:\/\/todovalle.com\/bienes-raices-en-valle-de-bravo\/ubicacion\/valle-de-bravo\/\">Pueblo, Valle de Bravo<\/a> \/ <span class=\"label label-success\">Popular<\/span><\/small><\/p><p class=\"lead acadp-listings-price\">MXP 8,500.00<\/p>                            \r\n                                                    <\/div>\r\n                    <\/div>\r\n                <\/div>\r\n                \r\n                            <\/div>\r\n                               \r\n            \r\n                            <div class=\"row\">\r\n                        \r\n                <div class=\"col-md-4\">\r\n                    <div class=\"thumbnail acadp-entry\">\r\n                                                    <a href=\"https:\/\/todovalle.com\/bienes-raices-en-valle-de-bravo\/acadp_listings\/el-arbol-cabana-en-renta-por-fin-de-semana\/\" class=\"acadp-responsive-container\"><img decoding=\"async\" src=\"https:\/\/todovalle.com\/bienes-raices-en-valle-de-bravo\/wp-content\/uploads\/2018\/08\/IMG_4843-300x200.jpg\" alt=\"\" \/><\/a>      \t\r\n                                        \r\n                        <div class=\"caption\">\r\n                            <div class=\"acadp-listings-title-block\">\r\n                                <h3 class=\"acadp-no-margin\"><a href=\"https:\/\/todovalle.com\/bienes-raices-en-valle-de-bravo\/acadp_listings\/el-arbol-cabana-en-renta-por-fin-de-semana\/\">El Arbol Caba\u00f1a en renta por fin de semana<\/a><\/h3>\r\n                            <\/div>\r\n                            \r\n                            <p class=\"acadp-no-margin\"><small class=\"text-muted\"><\/small><\/p><p class=\"acadp-no-margin\"><small><span class=\"glyphicon glyphicon-briefcase\"><\/span>&nbsp;<a href=\"https:\/\/todovalle.com\/bienes-raices-en-valle-de-bravo\/categoria-2\/renta-por-fin-de-semana-y-temporadas\/\">Renta por fin de semana y temporadas en Valle de Bravo<\/a> \/ <span class=\"glyphicon glyphicon-map-marker\"><\/span>&nbsp;<a href=\"https:\/\/todovalle.com\/bienes-raices-en-valle-de-bravo\/ubicacion\/el-coporito\/\">El Coporito<\/a> \/ <span class=\"label label-success\">Popular<\/span><\/small><\/p><p class=\"lead acadp-listings-price\">MXP 4,200.00<\/p>                            \r\n                                                    <\/div>\r\n                    <\/div>\r\n                <\/div>\r\n                \r\n                               \r\n            \r\n                        \r\n                <div class=\"col-md-4\">\r\n                    <div class=\"thumbnail acadp-entry\">\r\n                                                    <a href=\"https:\/\/todovalle.com\/bienes-raices-en-valle-de-bravo\/acadp_listings\/cabana-la-piedra-renta-por-fin-de-semana\/\" class=\"acadp-responsive-container\"><img decoding=\"async\" src=\"https:\/\/todovalle.com\/bienes-raices-en-valle-de-bravo\/wp-content\/uploads\/2018\/08\/IMG_4630-300x200.jpg\" alt=\"\" \/><\/a>      \t\r\n                                        \r\n                        <div class=\"caption\">\r\n                            <div class=\"acadp-listings-title-block\">\r\n                                <h3 class=\"acadp-no-margin\"><a href=\"https:\/\/todovalle.com\/bienes-raices-en-valle-de-bravo\/acadp_listings\/cabana-la-piedra-renta-por-fin-de-semana\/\">Caba\u00f1a la Piedra Renta por fin de semana<\/a><\/h3>\r\n                            <\/div>\r\n                            \r\n                            <p class=\"acadp-no-margin\"><small class=\"text-muted\"><\/small><\/p><p class=\"acadp-no-margin\"><small><span class=\"glyphicon glyphicon-briefcase\"><\/span>&nbsp;<a href=\"https:\/\/todovalle.com\/bienes-raices-en-valle-de-bravo\/categoria-2\/renta-por-fin-de-semana-y-temporadas\/\">Renta por fin de semana y temporadas en Valle de Bravo<\/a> \/ <span class=\"glyphicon glyphicon-map-marker\"><\/span>&nbsp;<a href=\"https:\/\/todovalle.com\/bienes-raices-en-valle-de-bravo\/ubicacion\/el-coporito\/\">El Coporito<\/a> \/ <span class=\"label label-success\">Popular<\/span><\/small><\/p><p class=\"lead acadp-listings-price\">MXP 4,900.00<\/p>                            \r\n                                                    <\/div>\r\n                    <\/div>\r\n                <\/div>\r\n                \r\n                               \r\n            \r\n                        \r\n                <div class=\"col-md-4\">\r\n                    <div class=\"thumbnail acadp-entry\">\r\n                                                    <a href=\"https:\/\/todovalle.com\/bienes-raices-en-valle-de-bravo\/acadp_listings\/casa-grande-en-renta-por-fin-de-semana\/\" class=\"acadp-responsive-container\"><img decoding=\"async\" src=\"https:\/\/todovalle.com\/bienes-raices-en-valle-de-bravo\/wp-content\/uploads\/2018\/08\/WhatsApp-Image-2018-08-17-at-3.11.06-PM-300x110.jpeg\" alt=\"\" \/><\/a>      \t\r\n                                        \r\n                        <div class=\"caption\">\r\n                            <div class=\"acadp-listings-title-block\">\r\n                                <h3 class=\"acadp-no-margin\"><a href=\"https:\/\/todovalle.com\/bienes-raices-en-valle-de-bravo\/acadp_listings\/casa-grande-en-renta-por-fin-de-semana\/\">Casa Grande en renta por fin de Semana<\/a><\/h3>\r\n                            <\/div>\r\n                            \r\n                            <p class=\"acadp-no-margin\"><small class=\"text-muted\"><\/small><\/p><p class=\"acadp-no-margin\"><small><span class=\"glyphicon glyphicon-briefcase\"><\/span>&nbsp;<a href=\"https:\/\/todovalle.com\/bienes-raices-en-valle-de-bravo\/categoria-2\/renta-por-fin-de-semana-y-temporadas\/\">Renta por fin de semana y temporadas en Valle de Bravo<\/a> \/ <span class=\"glyphicon glyphicon-map-marker\"><\/span>&nbsp;<a href=\"https:\/\/todovalle.com\/bienes-raices-en-valle-de-bravo\/ubicacion\/el-coporito\/\">El Coporito<\/a> \/ <span class=\"label label-success\">Popular<\/span><\/small><\/p><p class=\"lead acadp-listings-price\">MXP 5,600.00<\/p>                            \r\n                                                    <\/div>\r\n                    <\/div>\r\n                <\/div>\r\n                \r\n                            <\/div>\r\n                               \r\n            <\/div>\r\n    <!-- end of the loop -->\r\n    \r\n    <!-- use reset postdata to restore orginal query -->\r\n        \r\n    <!-- pagination here -->\r\n    <\/div>\r\n\r\n<div class=\"acadp-social\"><a class=\"acadp-social-link acadp-social-facebook\" href=\"https:\/\/www.facebook.com\/sharer\/sharer.php?u=https:\/\/todovalle.com\/bienes-raices-en-valle-de-bravo\/wp-json\/wp\/v2\/pages\/920\" target=\"_blank\">Facebook<\/a> <a class=\"acadp-social-link acadp-social-twitter\" href=\"https:\/\/twitter.com\/intent\/tweet?text=Casa%20Grande%20en%20renta%20por%20fin%20de%20Semana&amp;url=https:\/\/todovalle.com\/bienes-raices-en-valle-de-bravo\/wp-json\/wp\/v2\/pages\/920\" target=\"_blank\">Twiter<\/a> <a class=\"acadp-social-link acadp-social-whatsapp\" href=\"https:\/\/api.whatsapp.com\/send?text=Casa%20Grande%20en%20renta%20por%20fin%20de%20Semana&nbsp;https:\/\/todovalle.com\/bienes-raices-en-valle-de-bravo\/wp-json\/wp\/v2\/pages\/920\" target=\"_blank\" data-text=\"Casa%20Grande%20en%20renta%20por%20fin%20de%20Semana\" data-link=\"https:\/\/todovalle.com\/bienes-raices-en-valle-de-bravo\/wp-json\/wp\/v2\/pages\/920\">WhatsApp<\/a><\/div>\n<p>En <strong>TodoValle<\/strong>, sabemos que la renta por fin de semana de una casa o caba\u00f1a en Valle de Bravo es una de las mejores maneras de disfrutar este hermoso lugar. Con m\u00e1s de 25 a\u00f1os de experiencia en el mercado inmobiliario de la zona, ofrecemos una amplia variedad de casas y caba\u00f1as en renta por fin de semana o temporadas.<\/p>\n<h3>Casas en renta por fin de semana en Valle de Bravo pet friendly<\/h3>\n<p>Tenemos propiedades para todos los gustos y necesidades; casas con alberca y vista al lago, hasta caba\u00f1as en zonas boscosas. Adem\u00e1s, entendemos que las mascotas son parte de la familia, por lo que contamos con una selecci\u00f3n de propiedades que son pet friendly.<\/p>\n<p>En TodoValle, nuestro equipo altamente capacitado est\u00e1 siempre disponible para ayudarte en cada paso del proceso de renta y nos asegurarnos de que tengas la mejor experiencia posible. Si est\u00e1s buscando una casa o caba\u00f1a en renta en Valle de Bravo o <a href=\"https:\/\/todovalle.com\/bienes-raices-en-valle-de-bravo\/avandaro\/\">Av\u00e1ndaro,<\/a> no dudes en contactarnos. En TodoValle, estamos comprometidos en ayudarte a encontrar la propiedad perfecta para que disfrutes al m\u00e1ximo de tus vacaciones en este hermoso pueblo m\u00e1gico.<\/p>\n<!-- AddThis Advanced Settings generic via filter on the_content --><!-- AddThis Share Buttons generic via filter on the_content -->","protected":false},"excerpt":{"rendered":"<p>En TodoValle, sabemos que la renta por fin de semana de una casa o caba\u00f1a en Valle de Bravo es una de las mejores maneras de disfrutar este hermoso lugar. Con m\u00e1s de 25 a\u00f1os de experiencia en el mercado inmobiliario de la zona, ofrecemos una amplia variedad de casas y caba\u00f1as en renta por fin de semana o temporadas. Casas en renta por fin de semana en Valle de Bravo pet friendly Tenemos propiedades [&hellip;]<!-- AddThis Advanced Settings generic via filter on get_the_excerpt --><!-- AddThis Share Buttons generic via filter on get_the_excerpt --><\/p>\n","protected":false},"author":1,"featured_media":2908,"parent":0,"menu_order":0,"comment_status":"closed","ping_status":"closed","template":"","meta":{"_monsterinsights_skip_tracking":false,"_monsterinsights_sitenote_active":false,"_monsterinsights_sitenote_note":"","_monsterinsights_sitenote_category":0,"footnotes":""},"class_list":["post-920","page","type-page","status-publish","has-post-thumbnail","hentry"],"_links":{"self":[{"href":"https:\/\/todovalle.com\/bienes-raices-en-valle-de-bravo\/wp-json\/wp\/v2\/pages\/920","targetHints":{"allow":["GET"]}}],"collection":[{"href":"https:\/\/todovalle.com\/bienes-raices-en-valle-de-bravo\/wp-json\/wp\/v2\/pages"}],"about":[{"href":"https:\/\/todovalle.com\/bienes-raices-en-valle-de-bravo\/wp-json\/wp\/v2\/types\/page"}],"author":[{"embeddable":true,"href":"https:\/\/todovalle.com\/bienes-raices-en-valle-de-bravo\/wp-json\/wp\/v2\/users\/1"}],"replies":[{"embeddable":true,"href":"https:\/\/todovalle.com\/bienes-raices-en-valle-de-bravo\/wp-json\/wp\/v2\/comments?post=920"}],"version-history":[{"count":13,"href":"https:\/\/todovalle.com\/bienes-raices-en-valle-de-bravo\/wp-json\/wp\/v2\/pages\/920\/revisions"}],"predecessor-version":[{"id":6556,"href":"https:\/\/todovalle.com\/bienes-raices-en-valle-de-bravo\/wp-json\/wp\/v2\/pages\/920\/revisions\/6556"}],"wp:featuredmedia":[{"embeddable":true,"href":"https:\/\/todovalle.com\/bienes-raices-en-valle-de-bravo\/wp-json\/wp\/v2\/media\/2908"}],"wp:attachment":[{"href":"https:\/\/todovalle.com\/bienes-raices-en-valle-de-bravo\/wp-json\/wp\/v2\/media?parent=920"}],"curies":[{"name":"wp","href":"https:\/\/api.w.org\/{rel}","templated":true}]}}